{"id":226219,"date":"2020-07-04T14:15:09","date_gmt":"2020-07-04T14:15:09","guid":{"rendered":"http:\/\/arcoirisfilms.org\/?page_id=226219"},"modified":"2021-10-05T18:33:05","modified_gmt":"2021-10-05T18:33:05","slug":"vision","status":"publish","type":"page","link":"https:\/\/arcoirisfilms.org\/index.php\/vision\/","title":{"rendered":"Visi\u00f3n"},"content":{"rendered":"<p>[et_pb_section fb_built=&#8221;1&#8243; _builder_version=&#8221;4.4.3&#8243; background_image=&#8221;http:\/\/arcoirisfilms.org\/wp-content\/uploads\/2020\/06\/separador.png&#8221; background_position=&#8221;bottom_center&#8221; custom_margin=&#8221;-100px||||false|false&#8221;][et_pb_row _builder_version=&#8221;4.4.3&#8243; custom_margin=&#8221;100px||||false|false&#8221;][et_pb_column type=&#8221;4_4&#8243; _builder_version=&#8221;4.4.3&#8243;][et_pb_text _builder_version=&#8221;4.4.3&#8243; text_font=&#8221;Osaka Mustache||||||||&#8221; text_text_color=&#8221;#758c88&#8243; text_font_size=&#8221;100px&#8221; transform_scale_tablet=&#8221;&#8221; transform_scale_phone=&#8221;116%|116%&#8221; transform_scale_last_edited=&#8221;on|phone&#8221; transform_translate_tablet=&#8221;&#8221; transform_translate_phone=&#8221;0px|25px&#8221; transform_translate_last_edited=&#8221;on|phone&#8221; transform_translate_linked_phone=&#8221;off&#8221; transform_rotate_tablet=&#8221;&#8221; transform_rotate_phone=&#8221;&#8221; transform_rotate_last_edited=&#8221;on|phone&#8221; transform_skew_tablet=&#8221;&#8221; transform_skew_phone=&#8221;&#8221; transform_skew_last_edited=&#8221;on|phone&#8221; transform_origin_tablet=&#8221;&#8221; transform_origin_phone=&#8221;&#8221; transform_origin_last_edited=&#8221;on|phone&#8221; transform_styles_last_edited=&#8221;on|phone&#8221; custom_margin=&#8221;80px||20px||false|false&#8221; hover_enabled=&#8221;0&#8243; transform_styles_tablet=&#8221;&#8221; transform_styles_phone=&#8221;&#8221; transform_scale=&#8221;146%|146%&#8221;]<\/p>\n<p style=\"text-align: center;\">Visi<span>\u00f3<\/span>n<\/p>\n<p>[\/et_pb_text][\/et_pb_column][\/et_pb_row][et_pb_row _builder_version=&#8221;4.4.3&#8243;][et_pb_column type=&#8221;4_4&#8243; _builder_version=&#8221;4.4.3&#8243;][et_pb_text _builder_version=&#8221;4.4.3&#8243; text_font=&#8221;Abel||||||||&#8221; text_text_color=&#8221;#758c88&#8243; text_font_size=&#8221;22px&#8221; text_letter_spacing=&#8221;3px&#8221; text_line_height=&#8221;1.3em&#8221; text_orientation=&#8221;center&#8221; width=&#8221;65%&#8221; module_alignment=&#8221;center&#8221; custom_margin=&#8221;20px||8px||false|false&#8221; custom_margin_tablet=&#8221;30px||||false|false&#8221; custom_margin_phone=&#8221;70px||||false|false&#8221; custom_margin_last_edited=&#8221;on|phone&#8221; custom_padding=&#8221;||0px|||&#8221; hover_enabled=&#8221;0&#8243; text_font_size_tablet=&#8221;23px&#8221; text_font_size_phone=&#8221;21px&#8221; text_font_size_last_edited=&#8221;on|tablet&#8221; text_letter_spacing_phone=&#8221;0px&#8221; text_letter_spacing_last_edited=&#8221;off|phone&#8221; text_line_height_phone=&#8221;1.2em&#8221; text_line_height_last_edited=&#8221;off|tablet&#8221; text_orientation_tablet=&#8221;&#8221; text_orientation_phone=&#8221;&#8221; text_orientation_last_edited=&#8221;on|desktop&#8221;]<\/p>\n<p style=\"text-align: center;\">Entre idiomas tan diferentes, el arte se volvi\u00f3 mi voz, y en ese idioma elijo hablar de Amor y esperanza.<\/p>\n<p style=\"text-align: center;\">Como el arco\u00edris, que ve luz en las tormentas y las llena de colores.<\/p>\n<p>[\/et_pb_text][\/et_pb_column][\/et_pb_row][\/et_pb_section][et_pb_section fb_built=&#8221;1&#8243; _builder_version=&#8221;4.4.3&#8243; custom_margin=&#8221;-70px||||false|false&#8221; custom_padding=&#8221;12px|||||&#8221;][et_pb_row _builder_version=&#8221;4.4.3&#8243;][et_pb_column type=&#8221;4_4&#8243; _builder_version=&#8221;4.4.3&#8243;][et_pb_blurb title=&#8221;EMPAT\u00cdA&#8221; image=&#8221;http:\/\/arcoirisfilms.org\/wp-content\/uploads\/2020\/07\/iconos-vision1.png&#8221; icon_placement=&#8221;left&#8221; image_max_width=&#8221;252px&#8221; content_max_width=&#8221;80%&#8221; icon_placement_tablet=&#8221;&#8221; icon_placement_phone=&#8221;top&#8221; icon_placement_last_edited=&#8221;on|phone&#8221; content_tablet=&#8221;&#8221; content_phone=&#8221;<\/p>\n<p style=%22text-align: justify;%22><span>Muchos problemas nacen de la idea de separaci\u00f3n. Con el otro, con nosotros mismos. Nos ignoramos y descuidamos, persiguiendo intereses individuales. Y as\u00ed vemos el mundo, dividido, peligroso, desigual. Siento que la base de la soluci\u00f3n es la empat\u00eda, vernos con el coraz\u00f3n, reconocer el Amor que vive en cada ser, y buscar un bienestar com\u00fan. Cuidamos aquello que amamos. \u00bfY si pudi\u00e9ramos amarnos a\u00fan sin conocernos? Juzgando sin conocer nos perdemos muchos abrazos.  <\/span><\/p>\n<p>&#8221; content_last_edited=&#8221;on|phone&#8221; image_max_width_tablet=&#8221;&#8221; image_max_width_phone=&#8221;200px&#8221; image_max_width_last_edited=&#8221;on|phone&#8221; content_max_width_tablet=&#8221;&#8221; content_max_width_phone=&#8221;350px&#8221; content_max_width_last_edited=&#8221;on|phone&#8221; _builder_version=&#8221;4.4.3&#8243; header_font=&#8221;Abel|700|||||||&#8221; header_text_color=&#8221;#18c9b4&#8243; header_font_size=&#8221;29px&#8221; header_letter_spacing=&#8221;5px&#8221; header_line_height=&#8221;1.6em&#8221; body_font=&#8221;||||||||&#8221; body_font_size=&#8221;15px&#8221; body_line_height=&#8221;2em&#8221; width_tablet=&#8221;&#8221; width_phone=&#8221;&#8221; width_last_edited=&#8221;on|phone&#8221; module_alignment=&#8221;left&#8221; min_height=&#8221;322px&#8221; custom_margin=&#8221;||11px||false|false&#8221; custom_margin_tablet=&#8221;||80px|-70px|false|false&#8221; custom_margin_phone=&#8221;||80px|-1px|false|false&#8221; custom_margin_last_edited=&#8221;on|tablet&#8221; custom_padding=&#8221;|5px||5px|false|false&#8221; animation=&#8221;off&#8221; header_text_align_tablet=&#8221;&#8221; header_text_align_phone=&#8221;center&#8221; header_text_align_last_edited=&#8221;on|phone&#8221; header_font_size_tablet=&#8221;&#8221; header_font_size_phone=&#8221;27px&#8221; header_font_size_last_edited=&#8221;on|phone&#8221; body_line_height_tablet=&#8221;&#8221; body_line_height_phone=&#8221;1.6em&#8221; body_line_height_last_edited=&#8221;on|phone&#8221; border_width_all_image=&#8221;24px&#8221; border_color_all_image=&#8221;rgba(0,0,0,0)&#8221; locked=&#8221;off&#8221;]<\/p>\n<p><span>Muchos problemas nacen de la idea de separaci\u00f3n. Con el otro, con nosotros mismos. Nos ignoramos y descuidamos, persiguiendo intereses individuales. Y as\u00ed vemos el mundo, dividido, peligroso, desigual. Siento que la base de la soluci\u00f3n es la empat\u00eda, vernos con el coraz\u00f3n, reconocer el Amor que vive en cada ser, y buscar un bienestar com\u00fan. Cuidamos aquello que amamos. \u00bfY si pudi\u00e9ramos amarnos a\u00fan sin conocernos? Juzgando sin conocer nos perdemos muchos abrazos.\u00a0 <\/span><\/p>\n<p>[\/et_pb_blurb][et_pb_blurb title=&#8221;VEGANISMO&#8221; image=&#8221;http:\/\/arcoirisfilms.org\/wp-content\/uploads\/2020\/07\/iconos-vision4-1.png&#8221; icon_placement=&#8221;left&#8221; image_max_width=&#8221;252px&#8221; content_max_width=&#8221;80%&#8221; icon_placement_tablet=&#8221;&#8221; icon_placement_phone=&#8221;top&#8221; icon_placement_last_edited=&#8221;on|phone&#8221; content_tablet=&#8221;&#8221; content_phone=&#8221;<\/p>\n<p style=%22text-align: justify;%22><span>Elijo el veganismo porque elijo el respeto. A otres seres vivos, porque no quiero sentir m\u00e1s placer en donde alguien sufre. A la naturaleza, porque la industria animal es una de las m\u00e1s contaminantes. Y a m\u00ed, porque la dieta vegana es la m\u00e1s completa y saludable, y sostiene hermosamente mi movido estilo de vida.<\/span><\/p>\n<p>&#8221; content_last_edited=&#8221;on|phone&#8221; image_max_width_tablet=&#8221;&#8221; image_max_width_phone=&#8221;200px&#8221; image_max_width_last_edited=&#8221;on|phone&#8221; content_max_width_tablet=&#8221;&#8221; content_max_width_phone=&#8221;350px&#8221; content_max_width_last_edited=&#8221;on|phone&#8221; _builder_version=&#8221;4.4.3&#8243; header_font=&#8221;Abel|700|||||||&#8221; header_text_color=&#8221;#18c9b4&#8243; header_font_size=&#8221;29px&#8221; header_letter_spacing=&#8221;5px&#8221; header_line_height=&#8221;1.6em&#8221; body_font=&#8221;||||||||&#8221; body_font_size=&#8221;15px&#8221; body_line_height=&#8221;2em&#8221; width_tablet=&#8221;&#8221; width_phone=&#8221;&#8221; width_last_edited=&#8221;on|phone&#8221; module_alignment=&#8221;left&#8221; min_height=&#8221;322px&#8221; custom_margin=&#8221;||||false|false&#8221; custom_margin_tablet=&#8221;||80px|-70px|false|false&#8221; custom_margin_phone=&#8221;|||-1px|false|false&#8221; custom_margin_last_edited=&#8221;on|tablet&#8221; custom_padding=&#8221;|5px|80px|5px|false|false&#8221; animation=&#8221;off&#8221; header_text_align_tablet=&#8221;&#8221; header_text_align_phone=&#8221;center&#8221; header_text_align_last_edited=&#8221;on|phone&#8221; header_font_size_tablet=&#8221;&#8221; header_font_size_phone=&#8221;27px&#8221; header_font_size_last_edited=&#8221;on|phone&#8221; body_line_height_tablet=&#8221;&#8221; body_line_height_phone=&#8221;1.6em&#8221; body_line_height_last_edited=&#8221;on|phone&#8221; border_width_all_image=&#8221;24px&#8221; border_color_all_image=&#8221;rgba(0,0,0,0)&#8221; locked=&#8221;off&#8221;]<\/p>\n<p><span>Elijo el veganismo porque elijo el respeto. A otres seres vivos, porque no quiero sentir m\u00e1s placer en donde alguien sufre. A la naturaleza, porque la industria animal es una de las m\u00e1s contaminantes. Y a m\u00ed, porque la dieta vegana es la m\u00e1s completa y saludable, y sostiene hermosamente mi movido estilo de vida.<\/span><\/p>\n<p>[\/et_pb_blurb][et_pb_blurb title=&#8221;INTERCAMBIO&#8221; image=&#8221;http:\/\/arcoirisfilms.org\/wp-content\/uploads\/2020\/07\/iconos-vision3.png&#8221; icon_placement=&#8221;left&#8221; image_max_width=&#8221;252px&#8221; content_max_width=&#8221;80%&#8221; icon_placement_tablet=&#8221;&#8221; icon_placement_phone=&#8221;top&#8221; icon_placement_last_edited=&#8221;on|phone&#8221; content_tablet=&#8221;&#8221; content_phone=&#8221;<\/p>\n<p style=%22text-align: justify;%22><span>Pude estudiar y viajar gracias a quienes compartieron conmigo sus c\u00e1maras, veh\u00edculos y hogares. Compartir abre puertas de cercan\u00eda y familia que el dinero no compra. La ausencia de ciertos recursos me regal\u00f3 riquezas humanas que hoy son mi ejemplo a seguir. Y si un d\u00eda m\u00ed econom\u00eda fluye, quiero ser como esas personas que me ayudaron a m\u00ed, y estar ah\u00ed para hacer posibles los sue\u00f1os de otres, como hoy hacen conmigo.<\/span><\/p>\n<p>&#8221; content_last_edited=&#8221;on|phone&#8221; image_max_width_tablet=&#8221;&#8221; image_max_width_phone=&#8221;200px&#8221; image_max_width_last_edited=&#8221;on|phone&#8221; content_max_width_tablet=&#8221;&#8221; content_max_width_phone=&#8221;350px&#8221; content_max_width_last_edited=&#8221;on|phone&#8221; _builder_version=&#8221;4.4.3&#8243; header_font=&#8221;Abel|700|||||||&#8221; header_text_color=&#8221;#18c9b4&#8243; header_font_size=&#8221;29px&#8221; header_letter_spacing=&#8221;5px&#8221; header_line_height=&#8221;1.6em&#8221; body_font=&#8221;||||||||&#8221; body_font_size=&#8221;15px&#8221; body_line_height=&#8221;2em&#8221; width_tablet=&#8221;&#8221; width_phone=&#8221;&#8221; width_last_edited=&#8221;on|phone&#8221; module_alignment=&#8221;left&#8221; min_height=&#8221;322px&#8221; custom_margin=&#8221;-41px||24px||false|false&#8221; custom_margin_tablet=&#8221;||80px|-70px|false|false&#8221; custom_margin_phone=&#8221;||60px|-1px|false|false&#8221; custom_margin_last_edited=&#8221;on|tablet&#8221; custom_padding=&#8221;|5px||5px|false|false&#8221; animation=&#8221;off&#8221; header_text_align_tablet=&#8221;&#8221; header_text_align_phone=&#8221;center&#8221; header_text_align_last_edited=&#8221;on|phone&#8221; header_font_size_tablet=&#8221;&#8221; header_font_size_phone=&#8221;27px&#8221; header_font_size_last_edited=&#8221;on|phone&#8221; body_line_height_tablet=&#8221;&#8221; body_line_height_phone=&#8221;1.6em&#8221; body_line_height_last_edited=&#8221;on|phone&#8221; border_width_all_image=&#8221;24px&#8221; border_color_all_image=&#8221;rgba(0,0,0,0)&#8221; locked=&#8221;off&#8221;]<\/p>\n<p><span>Pude estudiar y viajar gracias a quienes compartieron conmigo sus c\u00e1maras, veh\u00edculos y hogares. Compartir abre puertas de cercan\u00eda y familia que el dinero no compra. La ausencia de ciertos recursos me regal\u00f3 riquezas humanas que hoy son mi ejemplo a seguir. Y si un d\u00eda m\u00ed econom\u00eda fluye, quiero ser como esas personas que me ayudaron a m\u00ed, y estar ah\u00ed para hacer posibles los sue\u00f1os de otres, como hoy hacen conmigo.<\/span><\/p>\n<p>[\/et_pb_blurb][et_pb_blurb title=&#8221;SOSTENIBILIDAD&#8221; image=&#8221;http:\/\/arcoirisfilms.org\/wp-content\/uploads\/2020\/07\/iconos-vision2.png&#8221; icon_placement=&#8221;left&#8221; image_max_width=&#8221;252px&#8221; content_max_width=&#8221;80%&#8221; icon_placement_tablet=&#8221;&#8221; icon_placement_phone=&#8221;top&#8221; icon_placement_last_edited=&#8221;on|phone&#8221; content_tablet=&#8221;&#8221; content_phone=&#8221;<\/p>\n<p style=%22text-align: justify;%22><span>S\u00e9 que a\u00fan queda mucho camino por andar, y que todav\u00eda no podemos decir que somos 100% sostenibles, pero intento aportar mi granito de arena. De nada servir\u00eda que yo viaje promoviendo el cuidado, si no lo hago tambi\u00e9n en mi vida diaria. Podemos andar por el mundo dejando huellas de respeto o de basura. Es nuestra decisi\u00f3n.<\/span><\/p>\n<p>&#8221; content_last_edited=&#8221;on|phone&#8221; image_max_width_tablet=&#8221;&#8221; image_max_width_phone=&#8221;200px&#8221; image_max_width_last_edited=&#8221;on|phone&#8221; content_max_width_tablet=&#8221;&#8221; content_max_width_phone=&#8221;350px&#8221; content_max_width_last_edited=&#8221;on|phone&#8221; _builder_version=&#8221;4.4.3&#8243; header_font=&#8221;Abel|700|||||||&#8221; header_text_color=&#8221;#18c9b4&#8243; header_font_size=&#8221;29px&#8221; header_letter_spacing=&#8221;5px&#8221; header_line_height=&#8221;1.6em&#8221; body_font=&#8221;||||||||&#8221; body_font_size=&#8221;15px&#8221; body_line_height=&#8221;2em&#8221; width_tablet=&#8221;&#8221; width_phone=&#8221;&#8221; width_last_edited=&#8221;on|phone&#8221; module_alignment=&#8221;left&#8221; min_height=&#8221;322px&#8221; custom_margin=&#8221;||-127px||false|false&#8221; custom_margin_tablet=&#8221;|||-70px|false|false&#8221; custom_margin_phone=&#8221;|||-1px|false|false&#8221; custom_margin_last_edited=&#8221;on|tablet&#8221; custom_padding=&#8221;|5px||5px|false|false&#8221; animation=&#8221;off&#8221; header_text_align_tablet=&#8221;&#8221; header_text_align_phone=&#8221;center&#8221; header_text_align_last_edited=&#8221;on|phone&#8221; header_font_size_tablet=&#8221;&#8221; header_font_size_phone=&#8221;27px&#8221; header_font_size_last_edited=&#8221;on|phone&#8221; body_line_height_tablet=&#8221;&#8221; body_line_height_phone=&#8221;1.6em&#8221; body_line_height_last_edited=&#8221;on|phone&#8221; border_width_all_image=&#8221;24px&#8221; border_color_all_image=&#8221;rgba(0,0,0,0)&#8221; locked=&#8221;off&#8221;]<\/p>\n<p style=\"text-align: left;\"><span>S\u00e9 que a\u00fan queda mucho camino por andar, y que todav\u00eda no podemos decir que somos 100% sostenibles, pero intento aportar mi granito de arena. De nada servir\u00eda que yo viaje promoviendo el cuidado, si no lo hago tambi\u00e9n en mi vida diaria. Podemos andar por el mundo dejando huellas de respeto o de basura. Es nuestra decisi\u00f3n.<\/span><\/p>\n<p>[\/et_pb_blurb][\/et_pb_column][\/et_pb_row][\/et_pb_section][et_pb_section fb_built=&#8221;1&#8243; _builder_version=&#8221;4.4.3&#8243; background_image=&#8221;http:\/\/arcoirisfilms.org\/wp-content\/uploads\/2020\/06\/background2.jpg&#8221;][et_pb_row _builder_version=&#8221;4.4.3&#8243; custom_margin=&#8221;41px|auto||auto||&#8221;][et_pb_column type=&#8221;4_4&#8243; _builder_version=&#8221;4.4.3&#8243;][\/et_pb_column][\/et_pb_row][\/et_pb_section]<\/p>\n","protected":false},"excerpt":{"rendered":"<p>[et_pb_section fb_built=&#8221;1&#8243; _builder_version=&#8221;4.4.3&#8243; background_image=&#8221;http:\/\/arcoirisfilms.org\/wp-content\/uploads\/2020\/06\/separador.png&#8221; background_position=&#8221;bottom_center&#8221; custom_margin=&#8221;-100px||||false|false&#8221;][et_pb_row _builder_version=&#8221;4.4.3&#8243; custom_margin=&#8221;100px||||false|false&#8221;][et_pb_column type=&#8221;4_4&#8243; _builder_version=&#8221;4.4.3&#8243;][et_pb_text _builder_version=&#8221;4.4.3&#8243; text_font=&#8221;Osaka Mustache||||||||&#8221; text_text_color=&#8221;#758c88&#8243; text_font_size=&#8221;100px&#8221; transform_scale_tablet=&#8221;&#8221; transform_scale_phone=&#8221;116%|116%&#8221; transform_scale_last_edited=&#8221;on|phone&#8221; transform_translate_tablet=&#8221;&#8221; transform_translate_phone=&#8221;0px|25px&#8221; transform_translate_last_edited=&#8221;on|phone&#8221; transform_translate_linked_phone=&#8221;off&#8221; transform_rotate_tablet=&#8221;&#8221; transform_rotate_phone=&#8221;&#8221; transform_rotate_last_edited=&#8221;on|phone&#8221; transform_skew_tablet=&#8221;&#8221; transform_skew_phone=&#8221;&#8221; transform_skew_last_edited=&#8221;on|phone&#8221; transform_origin_tablet=&#8221;&#8221; transform_origin_phone=&#8221;&#8221; transform_origin_last_edited=&#8221;on|phone&#8221; transform_styles_last_edited=&#8221;on|phone&#8221; custom_margin=&#8221;80px||20px||false|false&#8221; hover_enabled=&#8221;0&#8243; transform_styles_tablet=&#8221;&#8221; transform_styles_phone=&#8221;&#8221; transform_scale=&#8221;146%|146%&#8221;] Visi\u00f3n [\/et_pb_text][\/et_pb_column][\/et_pb_row][et_pb_row _builder_version=&#8221;4.4.3&#8243;][et_pb_column type=&#8221;4_4&#8243; _builder_version=&#8221;4.4.3&#8243;][et_pb_text _builder_version=&#8221;4.4.3&#8243; text_font=&#8221;Abel||||||||&#8221; text_text_color=&#8221;#758c88&#8243; text_font_size=&#8221;22px&#8221; text_letter_spacing=&#8221;3px&#8221; text_line_height=&#8221;1.3em&#8221; text_orientation=&#8221;center&#8221; width=&#8221;65%&#8221; module_alignment=&#8221;center&#8221; custom_margin=&#8221;20px||8px||false|false&#8221; custom_margin_tablet=&#8221;30px||||false|false&#8221; custom_margin_phone=&#8221;70px||||false|false&#8221; custom_margin_last_edited=&#8221;on|phone&#8221; [&hellip;]<\/p>\n","protected":false},"author":1,"featured_media":0,"parent":0,"menu_order":0,"comment_status":"closed","ping_status":"closed","template":"","meta":{"_et_pb_use_builder":"on","_et_pb_old_content":"","_et_gb_content_width":"","footnotes":""},"class_list":["post-226219","page","type-page","status-publish","hentry"],"_links":{"self":[{"href":"https:\/\/arcoirisfilms.org\/index.php\/wp-json\/wp\/v2\/pages\/226219","targetHints":{"allow":["GET"]}}],"collection":[{"href":"https:\/\/arcoirisfilms.org\/index.php\/wp-json\/wp\/v2\/pages"}],"about":[{"href":"https:\/\/arcoirisfilms.org\/index.php\/wp-json\/wp\/v2\/types\/page"}],"author":[{"embeddable":true,"href":"https:\/\/arcoirisfilms.org\/index.php\/wp-json\/wp\/v2\/users\/1"}],"replies":[{"embeddable":true,"href":"https:\/\/arcoirisfilms.org\/index.php\/wp-json\/wp\/v2\/comments?post=226219"}],"version-history":[{"count":32,"href":"https:\/\/arcoirisfilms.org\/index.php\/wp-json\/wp\/v2\/pages\/226219\/revisions"}],"predecessor-version":[{"id":230229,"href":"https:\/\/arcoirisfilms.org\/index.php\/wp-json\/wp\/v2\/pages\/226219\/revisions\/230229"}],"wp:attachment":[{"href":"https:\/\/arcoirisfilms.org\/index.php\/wp-json\/wp\/v2\/media?parent=226219"}],"curies":[{"name":"wp","href":"https:\/\/api.w.org\/{rel}","templated":true}]}}